{"id":8337,"date":"2025-09-08T10:44:42","date_gmt":"2025-09-08T08:44:42","guid":{"rendered":"https:\/\/cursosanpegalicia.es\/?post_type=product&#038;p=8337"},"modified":"2025-09-09T10:42:48","modified_gmt":"2025-09-09T08:42:48","slug":"xxviii-jornadas-de-educacion-por-un-ensino-diferente","status":"publish","type":"product","link":"https:\/\/cursosanpegalicia.es\/es\/curso\/xxviii-jornadas-de-educacion-por-un-ensino-diferente\/","title":{"rendered":"XXVIII jornadas do ensino: por un ensino diferente"},"content":{"rendered":"<p style=\"text-align: center;\"><a href=\"https:\/\/cursosanpegalicia.es\/wp-content\/uploads\/2025\/09\/XORNADAS_XXVIII_LUGO_POSTER-scaled.jpg\"><img loading=\"lazy\" class=\"alignnone wp-image-8340\" src=\"https:\/\/cursosanpegalicia.es\/wp-content\/uploads\/2025\/09\/XORNADAS_XXVIII_LUGO_POSTER-768x1086.jpg\" alt=\"\" width=\"370\" height=\"523\" \/> <\/a><a href=\"https:\/\/cursosanpegalicia.es\/wp-content\/uploads\/2025\/09\/XORNADAS_XXVIII_LUGO_RELAT-scaled.jpg\"><img loading=\"lazy\" class=\"alignnone wp-image-8348\" src=\"https:\/\/cursosanpegalicia.es\/wp-content\/uploads\/2025\/09\/XORNADAS_XXVIII_LUGO_RELAT-768x1086.jpg\" alt=\"\" width=\"370\" height=\"523\" \/><\/a><\/p>\n<h3 style=\"text-align: center;\"><\/h3>\n<p>Curso de formaci\u00f3n do profesorado, que versar\u00e1 sobre un ensino diferente, proporcionando formaci\u00f3n e informaci\u00f3n tanto te\u00f3rica como pr\u00e1ctica ao profesorado, que permita unha aprendizaxe m\u00e1is integral, emocional e motivadora, xa que estes medios desenvolven a creatividade, a empat\u00eda, o pensamento cr\u00edtico e a comprensi\u00f3n de diferentes culturas e contextos sociais.<\/p>\n<h3><span style=\"color: #000000;\"><strong>Programa<\/strong><\/span><\/h3>\n<a href=\"https:\/\/cursosanpegalicia.es\/wp-content\/uploads\/2025\/09\/XXVIII-XORNADAS-ENSINO_PROGRAMA.pdf\" class=\"pdfemb-viewer\" style=\"\" data-width=\"max\" data-height=\"max\"  data-toolbar=\"bottom\" data-toolbar-fixed=\"off\">XXVIII XORNADAS ENSINO_PROGRAMA<br\/><\/a>\n<h3><span style=\"color: #000000;\"><strong>Obxectivos<\/strong><\/span><\/h3>\n<ul>\n<li>Exposici\u00f3n proxecto FormulaSim.<\/li>\n<li>Vivir unha experiencia de atenci\u00f3n plena.<\/li>\n<li>Explorar as emoci\u00f3ns e sensaci\u00f3ns que nos producen diferentes experiencias sensoriais.<\/li>\n<li>Tomar consciencia das interferencias das nosas emoci\u00f3ns e pensamentos ao conectar co momento presente.<\/li>\n<li>Introducir o cine e a m\u00fasica na escola.<\/li>\n<li>Reflectir as vantaxes dos proxectos de innovaci\u00f3n educativa na aula, e a importancia de sermos gu\u00edas neste \u00e1mbito.<\/li>\n<\/ul>\n<h3><strong><span style=\"color: #000000;\">Contidos<\/span><\/strong><\/h3>\n<ol>\n<li>Estaci\u00f3n do olfato: Xab\u00f3ns arom\u00e1ticos.<\/li>\n<li>Estaci\u00f3n do tacto: texturas extra\u00eddas da natureza.<\/li>\n<li>Estaci\u00f3n do o\u00eddo: melod\u00edas bandas sonoras.<\/li>\n<li>Estaci\u00f3n audio-visual: v\u00eddeos escenarios naturais.<\/li>\n<li>Elaboraci\u00f3n dunha curtametraxe.<\/li>\n<li>Dese\u00f1o e elaboraci\u00f3n dun simulador tipo F\u00f3rmula.<\/li>\n<li>Xesti\u00f3n de datos de competici\u00f3n, xesti\u00f3n de datos de simulaci\u00f3n e interpretaci\u00f3n de datos con Power By.<\/li>\n<li>Preparaci\u00f3n monopraza.<\/li>\n<li>Participaci\u00f3n co alumnado en probas do campionato galego de monta\u00f1a de velocidade, de Espa\u00f1a e de Europa.<\/li>\n<li>Realizaci\u00f3n de instrumentos musicais con material de refugallo.<\/li>\n<\/ol>\n<h3><strong><span style=\"color: #000000;\">Relatores\/as<\/span><\/strong><\/h3>\n<ul>\n<li style=\"text-align: justify;\"><strong>Gin\u00e9s V\u00e1zquez Seijas<\/strong><\/li>\n<li style=\"text-align: justify;\"><strong>Jos\u00e9 Iglesias Fern\u00e1ndez<\/strong><\/li>\n<li style=\"text-align: justify;\"><strong>Beatriz Blanco Busto<\/strong><\/li>\n<li style=\"text-align: justify;\"><strong>Abraham Cupeiro L\u00f3pez<\/strong><\/li>\n<li style=\"text-align: justify;\"><strong>Jos\u00e9 Francisco Venzal\u00e1 Gonz\u00e1lez<\/strong><\/li>\n<\/ul>\n<h3><strong>Como preinscribirse<\/strong><\/h3>\n<ol>\n<li>No apartado QUENDA, seleccione a data desta actividade.<\/li>\n<li>Pulse en ENGADIR AO CARRI\u00d1O.<\/li>\n<li>Pulse no icono da esquina superior dereita e logo en FINALIZAR PREINSCRICI\u00d3N.<\/li>\n<li>Se xa se inscribiu anteriormente nalgunha das nosas actividades acceda co seu NOME DE USUARIO (NIF) e CONTRASINAL e sega as instruci\u00f3ns* que aparecen en pantalla.<\/li>\n<li>Se \u00e9 a primeira vez que se inscribe nos nosos cursos, complete os datos no apartado <a href=\"https:\/\/cursosanpegalicia.es\/a-mina-conta\/\" target=\"_blank\" rel=\"noopener\">REXISTRARSE<\/a> (NIF, correo electr\u00f3nico e Contrasinal) e pulse en REXISTRARSE. <span style=\"color: #0000ff;\"><strong>IMPORTANTE<\/strong><\/span>: Despois de enviar estes datos, <strong>recibir\u00e1 unha mensaxe no seu correo electr\u00f3nico cunha ligaz\u00f3n que deber\u00e1 pulsar para activar a s\u00faa conta de forma definitiva<\/strong>. <span style=\"color: #0000ff;\">Revise a carpeta de <strong>SPAM<\/strong> se non a atopa na de entrada<\/span>. Por \u00faltimo, repita os pasos 1, 2 e 3 e, tras anotar o seu NOME DE USUARIO e CONTRASINAL, sega as intruci\u00f3ns* que aparecen en pantalla.<\/li>\n<li style=\"list-style-type: none;\"><\/li>\n<\/ol>\n<p>*<strong>Todas as persoas inscritas<\/strong> deberan aportar documentaci\u00f3n espec\u00edfica durante o proceso de rexistro (unha copia do seu NIF e un documento que mostre a s\u00faa situaci\u00f3n laboral &#8211; <span style=\"color: #0000ff;\">unha copia dunha n\u00f3mina ou cabeceira desta, un nomeamento, unha captura de pantalla de datos persoais<\/span>&#8211; ou acad\u00e9mica).<\/p>\n<p><strong>Unha vez enviada a preinscrici\u00f3n, ANPE Lugo po\u00f1erase en contacto con vostede para formalizar a s\u00faa matr\u00edcula e realizar o pago correspondente.<\/strong><\/p>\n<p>Se ten alg\u00fanha d\u00fabida sobre esta actividade, contacte directamente con ANPE Lugo (982227912 &#8211; lugo@anpe.es)<\/p>\n","protected":false},"excerpt":{"rendered":"<p><mark class=\"et-highlight back-active\" style=\"background-color: 065418;\">MATR\u00cdCULA ABERTA<\/mark><\/p>\n<p>Actividade homologada de formaci\u00f3n do profesorado organizada por ANPE LUGO na modalidade de Xornadas.<\/p>\n","protected":false},"featured_media":0,"template":"","meta":[],"_links":{"self":[{"href":"https:\/\/cursosanpegalicia.es\/es\/wp-json\/wp\/v2\/product\/8337"}],"collection":[{"href":"https:\/\/cursosanpegalicia.es\/es\/wp-json\/wp\/v2\/product"}],"about":[{"href":"https:\/\/cursosanpegalicia.es\/es\/wp-json\/wp\/v2\/types\/product"}],"wp:attachment":[{"href":"https:\/\/cursosanpegalicia.es\/es\/wp-json\/wp\/v2\/media?parent=8337"}],"curies":[{"name":"wp","href":"https:\/\/api.w.org\/{rel}","templated":true}]}}