{"id":7610,"date":"2025-01-24T12:12:57","date_gmt":"2025-01-24T11:12:57","guid":{"rendered":"https:\/\/cursosanpegalicia.es\/?post_type=product&#038;p=7610"},"modified":"2025-02-03T17:27:51","modified_gmt":"2025-02-03T16:27:51","slug":"primeros-auxilios-pontevedra-2025","status":"publish","type":"product","link":"https:\/\/cursosanpegalicia.es\/es\/curso\/primeros-auxilios-pontevedra-2025\/","title":{"rendered":"Primeros auxilios en centros educativos &#8211; Vigo"},"content":{"rendered":"<p style=\"text-align: center;\"><a href=\"https:\/\/cursosanpegalicia.es\/wp-content\/uploads\/2025\/01\/prim_aux_pont_poster.jpg\"><img loading=\"lazy\" class=\"alignnone wp-image-7615\" src=\"https:\/\/cursosanpegalicia.es\/wp-content\/uploads\/2025\/01\/prim_aux_pont_poster-768x1086.jpg\" alt=\"\" width=\"500\" height=\"707\" \/><\/a><\/p>\n<p>Como actuar antes as urxencias e emerxencias m\u00e1is com\u00fans nun centro educativo. Dotar de habilidades para a atenci\u00f3n inmediata nunha situaci\u00f3n de alteraci\u00f3n brusca da sa\u00fade de xeito que o impacto sexa o menor posible, sen po\u00f1er en risco a seguridade propia.<\/p>\n<h3><span style=\"color: #000000;\"><strong>Obxectivos<\/strong><\/span><\/h3>\n<ul>\n<li>Manexo das alteraci\u00f3ns da sa\u00fade m\u00e1is frecuentes na infancia e adolescencia: traumatismos, convulsi\u00f3ns, alteraci\u00f3ns respiratorias (asma), alerxias.<\/li>\n<li>Manexo da patolox\u00eda non urxente: corpo estra\u00f1o, ca\u00eddas, febre, queimaduras, pequenos sangrados.<\/li>\n<li>Co\u00f1ecemento e manexo das complicaci\u00f3ns m\u00e1is com\u00fans que debutan na infancia e adolescencia: diabetes, epilepsia.<\/li>\n<li>Protexer, avisar, socorrer: entrenamento nos pilares b\u00e1sicos da atenci\u00f3n urxente.<\/li>\n<li>Practicar as manobras b\u00e1sicas de urxencia: Posici\u00f3n Lateral de Seguridade, Manobra de Heimlich, Manobras de Recuperaci\u00f3n Cardiopulmonar (RCP)<\/li>\n<\/ul>\n<h3><strong><span style=\"color: #000000;\">Contidos<\/span><\/strong><\/h3>\n<ol>\n<li>Situaci\u00f3ns urxentes e accidentes m\u00e1is com\u00fans na infancia e a adolescencia, como actuar.<br \/>\n&#8211; Traumatismos<br \/>\n&#8211; Urxencias oculares, \u00f3ticas, nasais, odontol\u00f3xicas<br \/>\n&#8211; Intoxicaci\u00f3ns<br \/>\n&#8211; Atragantamento: manobra de Heimlich por idades.<br \/>\n&#8211; Alteraci\u00f3ns neurol\u00f3xicas: convulsi\u00f3ns<\/li>\n<li>Actuaci\u00f3n urxente ante enfermidades cr\u00f3nicas.<br \/>\n&#8211; Diabetes<br \/>\n&#8211; Asma<br \/>\n&#8211; Alerxias<br \/>\n&#8211; Neno oncol\u00f3xico<br \/>\n&#8211; Neno epil\u00e9ptico<br \/>\n&#8211; Outros: cardiopat\u00eda conx\u00e9nita, fibrose qu\u00edstica.<\/li>\n<li>Actuaci\u00f3n urxente ante problemas de sa\u00fade com\u00fans:<br \/>\n&#8211; Procesos febr\u00eds<br \/>\n&#8211; Feridas e contusi\u00f3ns<br \/>\n&#8211; N\u00e1useas e v\u00f3mitos, dor abdominal, diarrea<\/li>\n<li>Que facer e que non facer ante unha situaci\u00f3n urxente.<br \/>\n&#8211; P.A.S<br \/>\n&#8211; Chamada eficaz ao 112<br \/>\n&#8211; Posici\u00f3n lateral de seguridade<br \/>\n&#8211; Manobras de resucitaci\u00f3n cardiopulmonar<br \/>\n&#8211; Que \u00e9 un DESA\/DEA e como utilizalo<\/li>\n<\/ol>\n<h3><strong><span style=\"color: #000000;\">Relatores\/as<\/span><\/strong><\/h3>\n<ul>\n<li style=\"text-align: justify;\"><strong>Mar\u00eda Emma Rodr\u00edguez Corte.<\/strong> Enfermeira especialista en Enfermer\u00eda Familiar e Comunitaria, enfermeira no servizo de Urxencias Adultos do Hospital de Montecelo.<\/li>\n<li style=\"text-align: justify;\"><strong>Miguel \u00c1ngel L\u00e1zaro M\u00edguez.<\/strong> Enfermeiro Supervisor de Urxencias Pedi\u00e1tricas no Hospital Provincial de Pontevedra.<\/li>\n<\/ul>\n<h3><strong>Como preinscribirse<\/strong><\/h3>\n<ol>\n<li>No apartado QUENDA, seleccione a data desta actividade.<\/li>\n<li>Pulse en ENGADIR AO CARRI\u00d1O.<\/li>\n<li>Pulse no icono da esquina superior dereita e logo en FINALIZAR PREINSCRICI\u00d3N.<\/li>\n<li>Se xa se inscribiu anteriormente nalgunha das nosas actividades acceda co seu NOME DE USUARIO (NIF) e CONTRASINAL e sega as instruci\u00f3ns* que aparecen en pantalla.<\/li>\n<li>Se \u00e9 a primeira vez que se inscribe nos nosos cursos, complete os datos no apartado <a href=\"https:\/\/cursosanpegalicia.es\/a-mina-conta\/\" target=\"_blank\" rel=\"noopener\">REXISTRARSE<\/a> (NIF, correo electr\u00f3nico e Contrasinal) e pulse en REXISTRARSE. <span style=\"color: #0000ff;\"><strong>IMPORTANTE<\/strong><\/span>: Despois de enviar estes datos, <strong>recibir\u00e1 unha mensaxe no seu correo electr\u00f3nico cunha ligaz\u00f3n que deber\u00e1 pulsar para activar a s\u00faa conta de forma definitiva<\/strong>. <span style=\"color: #0000ff;\">Revise a carpeta de <strong>SPAM<\/strong> se non a atopa na de entrada<\/span>. Por \u00faltimo, repita os pasos 1, 2 e 3 e, tras anotar o seu NOME DE USUARIO e CONTRASINAL, sega as intruci\u00f3ns* que aparecen en pantalla.<\/li>\n<li style=\"list-style-type: none;\"><\/li>\n<\/ol>\n<p>*<strong>Todas as persoas inscritas<\/strong> deberan aportar documentaci\u00f3n espec\u00edfica durante o proceso de rexistro (unha copia do seu NIF e un documento que mostre a s\u00faa situaci\u00f3n laboral &#8211; <span style=\"color: #0000ff;\">unha copia dunha n\u00f3mina ou cabeceira desta, un nomeamento, unha captura de pantalla de datos persoais<\/span>&#8211; ou acad\u00e9mica &#8211;<span style=\"color: #0000ff;\">t\u00edtulo universitario<\/span>&#8211; se se trata de persoas non docentes).<\/p>\n<p><strong>Unha vez enviada a preinscrici\u00f3n, ANPE Pontevedra po\u00f1erase en contacto con vostede para formalizar a s\u00faa matr\u00edcula e realizar o pago correspondente.<\/strong><\/p>\n<p>Si tienes alg\u00fan problema o duda sobre esta actividad contacta directamente con ANPE Pontevedra ( <span style=\"color: #0000ff;\">986437043-pontevedra@anpe.es<\/span> )<\/p>\n","protected":false},"excerpt":{"rendered":"<p><mark class=\"et-highlight back-active\" style=\"background-color: 065418;\">MATR\u00cdCULA ABERTA<\/mark><\/p>\n<p>Actividade homologada de formaci\u00f3n do profesorado organizada por ANPE PONTEVEDRA na modalidade de curso.<\/p>\n","protected":false},"featured_media":0,"template":"","meta":[],"_links":{"self":[{"href":"https:\/\/cursosanpegalicia.es\/es\/wp-json\/wp\/v2\/product\/7610"}],"collection":[{"href":"https:\/\/cursosanpegalicia.es\/es\/wp-json\/wp\/v2\/product"}],"about":[{"href":"https:\/\/cursosanpegalicia.es\/es\/wp-json\/wp\/v2\/types\/product"}],"wp:attachment":[{"href":"https:\/\/cursosanpegalicia.es\/es\/wp-json\/wp\/v2\/media?parent=7610"}],"curies":[{"name":"wp","href":"https:\/\/api.w.org\/{rel}","templated":true}]}}