{"id":7312,"date":"2025-01-10T11:21:35","date_gmt":"2025-01-10T10:21:36","guid":{"rendered":"https:\/\/cursosanpegalicia.es\/?post_type=product&#038;p=7312"},"modified":"2025-01-14T12:29:02","modified_gmt":"2025-01-14T11:29:02","slug":"primeiros-auxilios-lugo-2025","status":"publish","type":"product","link":"https:\/\/cursosanpegalicia.es\/es\/curso\/primeiros-auxilios-lugo-2025\/","title":{"rendered":"Primeros auxilios en los centros educativos"},"content":{"rendered":"<p>Curso de formaci\u00f3n do profesorado, que versar\u00e1 sobre Primeiros Auxilios, proporcionando formaci\u00f3n e informaci\u00f3n tanto te\u00f3rica como pr\u00e1ctica ao profesorado, que vaia dende o Soporte Vital B\u00e1sico a unhas breves noci\u00f3ns que axudar\u00e1n aos docentes na atenci\u00f3n a persoas enfermas ou accidentadas.<\/p>\n<h3><span style=\"color: #000000;\"><strong>Programa<\/strong><\/span><\/h3>\n<a href=\"https:\/\/cursosanpegalicia.es\/wp-content\/uploads\/2025\/01\/PROGRAMA_CURSO_PRIMEIROS_AUXILIOS_ANPE_LUGO.pdf\" class=\"pdfemb-viewer\" style=\"\" data-width=\"max\" data-height=\"max\"  data-toolbar=\"bottom\" data-toolbar-fixed=\"off\">PROGRAMA_CURSO_PRIMEIROS_AUXILIOS_ANPE_LUGO<br\/><\/a>\n<h3><span style=\"color: #000000;\"><strong>Obxectivos<\/strong><\/span><\/h3>\n<ul>\n<li>Co\u00f1ecer os fundamentos b\u00e1sicos dos primeiros auxilios.<\/li>\n<li>Saber aplicar as t\u00e9cnicas de Reanimaci\u00f3n Cardio Pulmonar (R.C.P.).<\/li>\n<li>Co\u00f1ecer as t\u00e9cnicas b\u00e1sicas para poder actuar ante unha persoa con hemorraxia, ferida, queimadura ou con traumatismo.<\/li>\n<li>Saber mobilizar correctamente a unha persoa ferida ou enferma.<\/li>\n<li>Ser capaces de transmitir a cultura preventiva ao alumnado.<\/li>\n<\/ul>\n<h3><strong><span style=\"color: #000000;\">Contidos<\/span><\/strong><\/h3>\n<ol>\n<li>Socorrismo: Aspectos xerais.<\/li>\n<li>Autoprotecci\u00f3n. Seguridade na intervenci\u00f3n.<\/li>\n<li>Avaliaci\u00f3n inicial.<\/li>\n<li>Soporte vital b\u00e1sico. Reanimaci\u00f3n cardio pulmonar (rcp).<\/li>\n<li>Hemorraxias e shock.<\/li>\n<li>Feridas e contusi\u00f3ns.<\/li>\n<li>Queimaduras e alteraci\u00f3ns da termorregulaci\u00f3n.<\/li>\n<li>Traumatismos osteoarticulares.<\/li>\n<li>Mobilizaci\u00f3n e evacuaci\u00f3n de feridos.<\/li>\n<li>O botiqu\u00edn.<\/li>\n<\/ol>\n<h3><strong><span style=\"color: #000000;\">Relatores\/as<\/span><\/strong><\/h3>\n<ul>\n<li style=\"text-align: justify;\"><strong>Manuel Antonio Veiga Rodr\u00edguez<\/strong><\/li>\n<\/ul>\n<h3><strong>Como preinscribirse<\/strong><\/h3>\n<ol>\n<li>No apartado QUENDA, seleccione a data desta actividade.<\/li>\n<li>Pulse en ENGADIR AO CARRI\u00d1O.<\/li>\n<li>Pulse no icono da esquina superior dereita e logo en FINALIZAR PREINSCRICI\u00d3N.<\/li>\n<li>Se xa se inscribiu anteriormente nalgunha das nosas actividades acceda co seu NOME DE USUARIO (NIF) e CONTRASINAL e sega as instruci\u00f3ns* que aparecen en pantalla.<\/li>\n<li>Se \u00e9 a primeira vez que se inscribe nos nosos cursos, complete os datos no apartado <a href=\"https:\/\/cursosanpegalicia.es\/a-mina-conta\/\" target=\"_blank\" rel=\"noopener\">REXISTRARSE<\/a> (NIF, correo electr\u00f3nico e Contrasinal) e pulse en REXISTRARSE. <span style=\"color: #0000ff;\"><strong>IMPORTANTE<\/strong><\/span>: Despois de enviar estes datos, <strong>recibir\u00e1 unha mensaxe no seu correo electr\u00f3nico cunha ligaz\u00f3n que deber\u00e1 pulsar para activar a s\u00faa conta de forma definitiva<\/strong>. <span style=\"color: #0000ff;\">Revise a carpeta de <strong>SPAM<\/strong> se non a atopa na de entrada<\/span>. Por \u00faltimo, repita os pasos 1, 2 e 3 e, tras anotar o seu NOME DE USUARIO e CONTRASINAL, sega as intruci\u00f3ns* que aparecen en pantalla.<\/li>\n<li style=\"list-style-type: none;\">\n<\/li>\n<\/ol>\n<p>*<strong>Todas as persoas inscritas<\/strong> deberan aportar documentaci\u00f3n espec\u00edfica durante o proceso de rexistro (unha copia do seu NIF e un documento que mostre a s\u00faa situaci\u00f3n laboral &#8211; <span style=\"color: #0000ff;\">unha copia dunha n\u00f3mina ou cabeceira desta, un nomeamento, unha captura de pantalla de datos persoais<\/span>&#8211; ou acad\u00e9mica).<\/p>\n<p><strong>Unha vez enviada a preinscrici\u00f3n, ANPE Lugo po\u00f1erase en contacto con vostede para formalizar a s\u00faa matr\u00edcula e realizar o pago correspondente.<\/strong><\/p>\n<p>Se ten alg\u00fan problema ou d\u00fabida sobre esta actividade, contacte directamente con ANPE Lugo (<span style=\"color: #0000ff;\">982227912 &#8211; lugo@anpe.es<\/span>)<\/p>\n","protected":false},"excerpt":{"rendered":"<p><mark class=\"et-highlight back-active\" style=\"background-color: 065418;\">MATR\u00cdCULA ABERTA<\/mark><\/p>\n<p>Actividade homologada de formaci\u00f3n do profesorado organizada por ANPE LUGO na modalidade de curso.<\/p>\n","protected":false},"featured_media":0,"template":"","meta":[],"_links":{"self":[{"href":"https:\/\/cursosanpegalicia.es\/es\/wp-json\/wp\/v2\/product\/7312"}],"collection":[{"href":"https:\/\/cursosanpegalicia.es\/es\/wp-json\/wp\/v2\/product"}],"about":[{"href":"https:\/\/cursosanpegalicia.es\/es\/wp-json\/wp\/v2\/types\/product"}],"wp:attachment":[{"href":"https:\/\/cursosanpegalicia.es\/es\/wp-json\/wp\/v2\/media?parent=7312"}],"curies":[{"name":"wp","href":"https:\/\/api.w.org\/{rel}","templated":true}]}}