{"id":6722,"date":"2024-09-23T18:11:49","date_gmt":"2024-09-23T16:11:50","guid":{"rendered":"https:\/\/cursosanpegalicia.es\/?post_type=product&#038;p=6722"},"modified":"2024-11-05T17:15:22","modified_gmt":"2024-11-05T16:15:22","slug":"202405_creacion-de-contidos-para-a-aula-dixital","status":"publish","type":"product","link":"https:\/\/cursosanpegalicia.es\/es\/curso\/202405_creacion-de-contidos-para-a-aula-dixital\/","title":{"rendered":"Creaci\u00f3n de contenidos para el aula digital"},"content":{"rendered":"<p><img loading=\"lazy\" class=\"aligncenter wp-image-6751\" src=\"https:\/\/cursosanpegalicia.es\/wp-content\/uploads\/2024\/09\/CONTIDOS_EDIC_4-600x845.png\" alt=\"Curso Creaci\u00f3n de contidos\" width=\"310\" height=\"437\" \/><\/p>\n<p style=\"text-align: justify;\"><span style=\"color: #000000;\">A utilizaci\u00f3n de ferramentas e aplicaci\u00f3ns dixitais est\u00e1 a verse reforzado a partires da evoluci\u00f3n xordida nos \u00faltimos anos. Xa sexa condicionada pola situaci\u00f3n sanitaria na que nos atopamos ou ben pola propia modernizaci\u00f3n do ensino, o profesorado at\u00f3pase fronte a un crecente n\u00famero de aplicaci\u00f3ns educativas dixitais coas que implementar contidos e tarefas para o seu traballo diario. A <\/span><span style=\"color: #000000;\">dixitalizaci\u00f3n educativa est\u00e1 a presentarse como unha prioridade dentro da evoluci\u00f3n do ensino. Da aula tradicional estamos a movernos cara a aula dixital na que novas metodolox\u00edas, procedementos e materiais pres\u00e9ntanse para o uso diario por parte de docentes e alumnado. <strong>Nesta actividade de formaci\u00f3n en rede, todos\/as os\/as asistentes ter\u00e1n a oportunidade de co\u00f1ecer, experimentar e reflexionar sobre un conxunto de ferramentas que aportan unha utilidade pr\u00e1ctica e real no desenvolvemento do noso traballo individual, as\u00ed como na participaci\u00f3n activa do alumnado<\/strong>.<\/span><\/p>\n<p>&nbsp;<\/p>\n<h3><span style=\"color: #000000;\"><strong>Competencia Dixital Docente<\/strong><\/span><\/h3>\n<p>Esta actividade \u00e9 v\u00e1lida para acreditar o <strong>nivel B1<\/strong> nas seguintes \u00e1reas:<\/p>\n<ul>\n<li>Compromiso profesional (<strong>\u00e1rea 1<\/strong>).<\/li>\n<li>Ensino e aprendizaxe (<strong>\u00e1rea 3<\/strong>).<\/li>\n<\/ul>\n<h3><span style=\"color: #000000;\"><strong>Obxectivos<\/strong><\/span><\/h3>\n<ul>\n<li>Co\u00f1ecer, integrar e aplicar na aula recursos dixitais facendo uso de ferramentas en li\u00f1a concretas.<\/li>\n<li>Integrar e compartir recursos dixitais de elaboraci\u00f3n propia en diferentes formatos e contextos educativos.<\/li>\n<li>Dese\u00f1ar e implementar no proceso de ensino aprendizaxe propostas metodol\u00f3xicas para o empreco de novas tecnolox\u00edas dixitais na aula.<\/li>\n<\/ul>\n<h3><strong><span style=\"color: #000000;\">Contidos<\/span><\/strong><\/h3>\n<ul>\n<li>Manexo de ferramentas dixitais que permiten a interacci\u00f3n docente-discente (Padlet, Mentimeter).<\/li>\n<li>Creaci\u00f3n de recursos con ferramentas dixitais en li\u00f1a (Canva, Genially).<\/li>\n<li>Elaboraci\u00f3n e exportaci\u00f3n de libros e c\u00f3mics dixitais con BookCreator.<\/li>\n<li>Integraci\u00f3n e difusi\u00f3n de recursos creados en entornos virtuais de aprendizaxe.<\/li>\n<li>Elaboraci\u00f3n de programaci\u00f3ns de aula aproveitando os recursos dixitais proporcionados polo centro, fomentando a creatividade das actividades, a diversidade dos m\u00e9todos de avaliaci\u00f3n e a motivaci\u00f3n do alumnado.<\/li>\n<\/ul>\n<h3><strong><span style=\"color: #000000;\">Ponente<\/span><\/strong><\/h3>\n<ul>\n<li style=\"text-align: justify;\"><strong>Jairo Campo V\u00e1zquez<\/strong>, mestre no CEIP Virxe do Carme (Burela \u2013 Lugo) e experto en TIC e gamificaci\u00f3n.<\/li>\n<\/ul>\n<p style=\"text-align: center;\"><img loading=\"lazy\" class=\"wp-image-4484 alignnone\" src=\"https:\/\/cursosanpegalicia.es\/wp-content\/uploads\/2022\/03\/twitter.png\" alt=\"\" width=\"30\" height=\"25\" \/>@JairoCampo_ <img loading=\"lazy\" class=\"alignnone wp-image-4483\" src=\"https:\/\/cursosanpegalicia.es\/wp-content\/uploads\/2022\/03\/instagram.jpg\" alt=\"\" width=\"50\" height=\"28\" \/>mestrejairo_ef<\/p>\n<p>&nbsp;<\/p>\n<h3><strong>Como preinscribirse<\/strong><\/h3>\n<ol>\n<li>No apartado QUENDA, seleccione a data desta actividade.<\/li>\n<li>Pulse en ENGADIR AO CARRI\u00d1O.<\/li>\n<li>Pulse no icono da esquina superior dereita e logo en FINALIZAR PREINSCRICI\u00d3N.<\/li>\n<li>Se xa se inscribiu anteriormente nalgunha das nosas actividades acceda co seu NOME DE USUARIO (NIF) e CONTRASINAL e sega as instruci\u00f3ns* que aparecen en pantalla.<\/li>\n<li>Se \u00e9 a primeira vez que se inscribe nos nosos cursos, complete os datos no apartado <a href=\"https:\/\/cursosanpegalicia.es\/a-mina-conta\/\" target=\"_blank\" rel=\"noopener\">REXISTRARSE<\/a> (NIF, correo electr\u00f3nico e Contrasinal) e pulse en REXISTRARSE. <span style=\"color: #0000ff;\"><strong>IMPORTANTE<\/strong><\/span>: Despois de enviar estes datos, <strong>recibir\u00e1 unha mensaxe no seu correo electr\u00f3nico cunha ligaz\u00f3n que deber\u00e1 pulsar para activar a s\u00faa conta de forma definitiva<\/strong>. <span style=\"color: #0000ff;\">Revise a carpeta de <strong>SPAM<\/strong> se non a atopa na de entrada<\/span>. Por \u00faltimo, repita os pasos 1, 2 e 3 e, tras anotar o seu NOME DE USUARIO e CONTRASINAL, sega as instruci\u00f3ns* que aparecen en pantalla.<\/li>\n<li style=\"list-style-type: none;\"><\/li>\n<\/ol>\n<p>*<strong>Todas as persoas inscritas<\/strong> deberan aportar documentaci\u00f3n espec\u00edfica durante o proceso de rexistro (unha copia do seu NIF e un documento que mostre a s\u00faa situaci\u00f3n laboral &#8211; <span style=\"color: #0000ff;\">unha copia dunha n\u00f3mina ou cabeceira desta, un nomeamento, unha captura de pantalla de datos persoais<\/span>&#8211; ou acad\u00e9mica).<\/p>\n<p><strong>Unha vez enviada a preinscrici\u00f3n, po\u00f1er\u00e9monos en contacto con vostede para formalizar a s\u00faa matr\u00edcula e realizar o pago correspondente.<\/strong><\/p>\n<p>Se ten alg\u00fanha d\u00fabida ou problema, contacte directamente con ANPE Galicia (<span style=\"color: #0000ff;\">formacion@anpegalicia.es<\/span>).<\/p>\n","protected":false},"excerpt":{"rendered":"<p><mark class=\"et-highlight back-active\" style=\"background-color: 065418;\">MATR\u00cdCULA PECHADA<\/mark><\/p>\n<p>Actividade de formaci\u00f3n a distancia para co\u00f1ecer, pr\u00e1cticar e reflexionar sobre un conxunto de ferramentas dixitais que aportan unha utilidade pr\u00e1ctica e real no desenvolvemento do noso traballo individual, as\u00ed como na participaci\u00f3n activa do alumnado. NIVEL B1 (\u00e1reas 1 e 3) de Certificaci\u00f3n Dixital Docente.<\/p>\n","protected":false},"featured_media":0,"template":"","meta":[],"_links":{"self":[{"href":"https:\/\/cursosanpegalicia.es\/es\/wp-json\/wp\/v2\/product\/6722"}],"collection":[{"href":"https:\/\/cursosanpegalicia.es\/es\/wp-json\/wp\/v2\/product"}],"about":[{"href":"https:\/\/cursosanpegalicia.es\/es\/wp-json\/wp\/v2\/types\/product"}],"wp:attachment":[{"href":"https:\/\/cursosanpegalicia.es\/es\/wp-json\/wp\/v2\/media?parent=6722"}],"curies":[{"name":"wp","href":"https:\/\/api.w.org\/{rel}","templated":true}]}}