{"id":6291,"date":"2024-04-24T11:33:35","date_gmt":"2024-04-24T09:33:36","guid":{"rendered":"https:\/\/cursosanpegalicia.es\/?post_type=product&#038;p=6291"},"modified":"2024-10-02T18:56:25","modified_gmt":"2024-10-02T16:56:25","slug":"apps-interactivas-en-el-aula-digital","status":"publish","type":"product","link":"https:\/\/cursosanpegalicia.es\/es\/curso\/apps-interactivas-en-el-aula-digital\/","title":{"rendered":"APPs Interactivas en el aula digital"},"content":{"rendered":"<p style=\"text-align: center;\"><img loading=\"lazy\" class=\"alignnone wp-image-6285\" src=\"https:\/\/cursosanpegalicia.es\/wp-content\/uploads\/2024\/04\/APPS_AULA_POSTER_sm.jpg\" alt=\"\" width=\"500\" height=\"500\" \/><\/p>\n<p style=\"text-align: justify;\"><span style=\"color: #000000;\">A aula dixital \u00e9 xa unha realidade. O uso de aplicaci\u00f3ns interactivas foma parte activa no desenvolvemento das actividades que se levan a cabo nas aulas en todas as etapas do ensino. A <\/span><span style=\"color: #000000;\">dixitalizaci\u00f3n educativa xa est\u00e1 presente nas programaci\u00f3ns did\u00e1cticas, polo que se fai necesario o co\u00f1ecemento e a adquisic\u00f3n de contidos, metodolox\u00edas, materiais e t\u00e9cnicas espec\u00edficas para abordar esta evoluci\u00f3n dunha forma m\u00e1is efectiva. <strong>Nesta actividade de formaci\u00f3n en rede, todos\/as os\/as asistentes ter\u00e1n a oportunidade de co\u00f1ecer, integrar e implementar un grupo de aplicaci\u00f3ns que servir\u00e1n para conseguir unha utilidade pr\u00e1ctica e efectiva no desenvolvemento do noso traballo como docentes, as\u00ed como no fomento da participaci\u00f3n activa do alumnado<\/strong>.<\/span><\/p>\n<p>&nbsp;<\/p>\n<h3><span style=\"color: #000000;\"><strong>Competencia Dixital Docente<\/strong><\/span><\/h3>\n<p>Esta actividade \u00e9 v\u00e1lida para acreditar o <strong>nivel B1<\/strong> nas seguintes \u00e1reas:<\/p>\n<ul>\n<li>Avaliaci\u00f3n e retroalimentaci\u00f3n (\u00e1rea 4).<\/li>\n<li>Empoderamento do alumnado (\u00e1rea 5).<\/li>\n<\/ul>\n<p>Seg\u00fan o ACORDO asinado entre a Conseller\u00eda de Educaci\u00f3n e a nosa organizaci\u00f3n sindical o 11 de otubro de 2023, \u00ab<em>transcorridos seis anos desde a sinatura (&#8230;), para o perfeccionamento do compo\u00f1ente do complemento espec\u00edfico por formaci\u00f3n, <strong>requirirase que o profesorado te\u00f1a acadado o nivel B1 de competencia dixital docente<\/strong><\/em>\u00ab.<\/p>\n<h3><span style=\"color: #000000;\"><strong>Obxectivos<\/strong><\/span><\/h3>\n<ul>\n<li>Co\u00f1ecer, integrar e aplicar na aula recursos dixitais e motivadores facendo uso de aplicaci\u00f3ns e ferramentas espec\u00edficas.<\/li>\n<li>Adquirir e implementar a competencia dixital por parte dos docentes en actividades relacionadas coa avaliaci\u00f3n e retroalimentaci\u00f3n e co empoderamento do alumnado.<\/li>\n<li>Analizar e empregar as metodolox\u00edas activas mediante o uso das TIC na aula.<\/li>\n<\/ul>\n<h3><strong><span style=\"color: #000000;\">Contidos<\/span><\/strong><\/h3>\n<ul>\n<li>Utilizaci\u00f3n das plataformas educativas e das aplicaci\u00f3ns Educaplay, Plickers e Kahoot para aprender a crear unha ampla variedade de actividades educativas interactivas para o alumnado.<\/li>\n<li>Adaptaci\u00f3n das actividades creadas e configuradas con estas aplicaci\u00f3ns \u00e1s necesidades espec\u00edficas do alumnado e aos obxectivos de aprendizaxe que se desexe alcanzar (tempos, formatos, uso de imaxes e contido gr\u00e1fico, etc.).<\/li>\n<li>Compartir as actividades de creaci\u00f3n propia con outros docentes e\/ou alumnado ou utilizar as que est\u00e1n dispo\u00f1ibles (creadas por terceiros) para enriquecer a propia experiencia formativa.<\/li>\n<li>Ligar as actividades dixitais coa propia aula virtual ou EDIXGAL a trav\u00e9s da inserci\u00f3n de recursos LTI.<\/li>\n<li>Crear recursos de avaliaci\u00f3n sobre o rendemento dos estudantes, estat\u00edsticas de respostas, resultados finais, etc., xunto co fomento da retroalimentaci\u00f3n dos resultados e da aprendizaxe do alumnado ademais de promover a avaliaci\u00f3n formativa.<\/li>\n<li>Elaboraci\u00f3n de programaci\u00f3ns de aula aproveitando os recursos dixitais proporcionados polo centro, fomentando a creatividade das actividades, a diversidade dos m\u00e9todos de avaliaci\u00f3n e a motivaci\u00f3n do alumnado.<\/li>\n<\/ul>\n<h3><strong><span style=\"color: #000000;\">Ponente<\/span><\/strong><\/h3>\n<ul>\n<li style=\"text-align: justify;\"><strong>Alejandra Abu\u00edn Sixto<\/strong>, profesora de Econom\u00eda e Vicedirectora no IES do Cami\u00f1o de Palas de Rei (Lugo).<\/li>\n<\/ul>\n<p>&nbsp;<\/p>\n<h3><strong>Como preinscribirse<\/strong><\/h3>\n<ol>\n<li>No apartado TURNOS, seleccione a data desta actividade.<\/li>\n<li>Pulse en ENGADIR AO CARRI\u00d1O.<\/li>\n<li>Pulse no icono da esquina superior dereita e logo en FINALIZAR PREINSCRICI\u00d3N.<\/li>\n<li>Se xa se inscribiu anteriormente nalgunha das nosas actividades acceda co seu NOME DE USUARIO (NIF) e CONTRASINAL e sega as instruci\u00f3ns* que aparecen en pantalla.<\/li>\n<li>Se \u00e9 a primeira vez que se inscribe nos nosos cursos complete os datos no apartado <a href=\"https:\/\/cursosanpegalicia.es\/a-mina-conta\/\" target=\"_blank\" rel=\"noopener\">REXISTRARSE<\/a> (NIF, correo electr\u00f3nico e Contrasinal) e pulse en REXISTRARSE. <span style=\"color: #0000ff;\"><strong>IMPORTANTE<\/strong><\/span>: Despois de enviar estes datos, <strong>recibir\u00e1 unha mensaxe no seu correo electr\u00f3nico cunha ligaz\u00f3n que deber\u00e1 pulsar para activar a s\u00faa conta de forma definitiva<\/strong>. <span style=\"color: #0000ff;\">Revise a carpeta de <strong>SPAM<\/strong> se non a atopa na de entrada<\/span>. Por \u00faltimo, repita os pasos 1, 2 e 3 e, tras anotar o seu NOME DE USUARIO e CONTRASINAL, sega as intruci\u00f3ns* que aparecen en pantalla.<\/li>\n<\/ol>\n<p>*Todos os <strong>usuarios <\/strong>deben achegar documentaci\u00f3n espec\u00edfica durante o proceso de preinscrici\u00f3n desta actividade (unha copia do seu NIF e un documento que mostre a s\u00faa situaci\u00f3n laboral (docentes) &#8211;<span style=\"color: #0000ff;\">cunha copia dunha n\u00f3mina ou cabeceira desta, nomeamento ou captura de pantalla de datos persoais<\/span>-, ou unha <span style=\"color: #0000ff;\">copia da titulaci\u00f3n acad\u00e9mica<\/span> para titulados\/as sen experiencia docente).<\/p>\n<p><strong>Unha vez enviada a preinscrici\u00f3n, po\u00f1er\u00e9monos en contacto con vostede para formalizar a s\u00faa matr\u00edcula e realizar o pago correspondente.<\/strong><\/p>\n<p>Se ten alg\u00fanha d\u00fabida sobre esta actividade, contacte directamente coa Secretar\u00eda de Formaci\u00f3n de ANPE Galicia (formacion@anpegalicia.es).<\/p>\n","protected":false},"excerpt":{"rendered":"<p><mark class=\"et-highlight back-active\" style=\"background-color: 065418;\">CURSO FINALIZADO<\/mark><\/p>\n<p style=\"text-align: justify;\">Actividade de formaci\u00f3n a distancia para co\u00f1ecer, integrar e implementar un conxunto de aplicaci\u00f3ns que servir\u00e1n para acadar unha utilidade pr\u00e1ctica e efectiva no desenvolvemento do noso traballo como docentes, as\u00ed como no fomento da participaci\u00f3n activa do alumnado.<\/p>\n","protected":false},"featured_media":0,"template":"","meta":[],"_links":{"self":[{"href":"https:\/\/cursosanpegalicia.es\/es\/wp-json\/wp\/v2\/product\/6291"}],"collection":[{"href":"https:\/\/cursosanpegalicia.es\/es\/wp-json\/wp\/v2\/product"}],"about":[{"href":"https:\/\/cursosanpegalicia.es\/es\/wp-json\/wp\/v2\/types\/product"}],"wp:attachment":[{"href":"https:\/\/cursosanpegalicia.es\/es\/wp-json\/wp\/v2\/media?parent=6291"}],"curies":[{"name":"wp","href":"https:\/\/api.w.org\/{rel}","templated":true}]}}