{"id":5213,"date":"2023-01-19T16:58:57","date_gmt":"2023-01-19T15:58:58","guid":{"rendered":"https:\/\/cursosanpegalicia.es\/?post_type=product&#038;p=5213"},"modified":"2023-10-04T12:58:53","modified_gmt":"2023-10-04T10:58:53","slug":"creacion-de-contidos-para-a-aula-digital-23","status":"publish","type":"product","link":"https:\/\/cursosanpegalicia.es\/es\/curso\/creacion-de-contidos-para-a-aula-digital-23\/","title":{"rendered":"Creaci\u00f3n de contidos para a aula dixital"},"content":{"rendered":"<p style=\"text-align: center;\"><img loading=\"lazy\" class=\"alignnone wp-image-5221\" src=\"https:\/\/cursosanpegalicia.es\/wp-content\/uploads\/2023\/01\/CONTIDOS_EDIC_2.jpg\" alt=\"CURSON CONTIDOS\" width=\"310\" height=\"438\" \/><\/p>\n<p style=\"text-align: justify;\"><span style=\"color: #000000;\">A utilizaci\u00f3n de ferramentas e aplicaci\u00f3ns dixitais est\u00e1 a verse reforzado a partires da evoluci\u00f3n xordida nos \u00faltimos anos. Xa sexa condicionada pola situaci\u00f3n sanitaria na que nos atopamos ou ben pola propia modernizaci\u00f3n do ensino, o profesorado at\u00f3pase fronte a un crecente n\u00famero de aplicaci\u00f3ns educativas dixitais coas que implementar contidos e tarefas para o seu traballo diario. A <\/span><span style=\"color: #000000;\">dixitalizaci\u00f3n educativa est\u00e1 a presentarse como unha prioridade dentro da evoluci\u00f3n do ensino. Da aula tradicional estamos a movernos cara a aula dixital na que novas metodolox\u00edas, procedementos e materiais pres\u00e9ntanse para o uso diario por parte de docentes e alumnado. <strong>Nesta actividade de formaci\u00f3n en rede, todos\/as os\/as asistentes ter\u00e1n a oportunidade de co\u00f1ecer, experimentar e reflexionar sobre un conxunto de ferramentas que aportan unha utilidade pr\u00e1ctica e real no desenvolvemento do noso traballo individual, as\u00ed como na participaci\u00f3n activa do alumnado<\/strong>.<\/span><\/p>\n<h3><span style=\"color: #000000;\"><strong>Objetivos<\/strong><\/span><\/h3>\n<ul>\n<li>Aumentar a competencial dixital docente.<\/li>\n<li>Entender as novas tecnolox\u00edas como recursos proveitosos para facilitar a aprendizaxe.<\/li>\n<li>Iniciar ao profesorado na creaci\u00f3n de recursos e actividades interactivas para o proceso de ensino-aprendizaxe.<\/li>\n<li>Dar a co\u00f1ecer ferramentas online que enriquecen o proceso de ensino-aprendizaxe do noso alumnado.<\/li>\n<\/ul>\n<h3><strong><span style=\"color: #000000;\">Contenido<\/span><\/strong><\/h3>\n<ul>\n<li>Incremento da competencia dixital docente (CDD).<\/li>\n<li>Co\u00f1ecemento e manexo de recursos web como centro de interese do alumnado (Padlet, Mentimeter).<\/li>\n<li>Iniciaci\u00f3n na creaci\u00f3n de material e contidos interactivos en ferramentas online (Canva e Genially).<\/li>\n<li>Creaci\u00f3n de libros e comics interactivos dixitais (BookCreator).<\/li>\n<\/ul>\n<h3><strong><span style=\"color: #000000;\">Ponente<\/span><\/strong><\/h3>\n<ul>\n<li style=\"text-align: justify;\"><strong>Jairo Campo<\/strong>, mestre no CEIP Virxe do Carme (Burela \u2013 Lugo) e experto en TIC e gamificaci\u00f3n.<\/li>\n<\/ul>\n<p style=\"text-align: center;\"><img loading=\"lazy\" class=\"wp-image-4484 alignnone\" src=\"https:\/\/cursosanpegalicia.es\/wp-content\/uploads\/2022\/03\/twitter.png\" alt=\"\" width=\"30\" height=\"25\" \/>@JairoCampo_ <img loading=\"lazy\" class=\"alignnone wp-image-4483\" src=\"https:\/\/cursosanpegalicia.es\/wp-content\/uploads\/2022\/03\/instagram.jpg\" alt=\"\" width=\"50\" height=\"28\" \/>mestrejairo_ef<\/p>\n<p>&nbsp;<\/p>\n<h3><strong>Como preinscribirse<\/strong><\/h3>\n<ol>\n<li>No apartado TURNOS, seleccione a data desta actividade.<\/li>\n<li>Pulse en ENGADIR AO CARRI\u00d1O.<\/li>\n<li>Pulse no icono da esquina superior dereita e logo en FINALIZAR PREINSCRICI\u00d3N.<\/li>\n<li>Se xa se inscribiu anteriormente nalgunha das nosas actividades acceda co seu NOME DE USUARIO (NIF) e CONTRASINAL. Se \u00e9 a primeira vez que se inscribe nos nosos cursos complete os datos para REXISTRARSE* e siga as instrucci\u00f3ns que lle saian na pantalla. <span style=\"color: #0000ff;\"><strong>IMPORTANTE<\/strong><\/span>: Despois de rematar o seu rexistro, <strong>ter\u00e1 que activar todo o proceso dende unha mensaxe que chegar\u00e1 ao seu correo electr\u00f3nico<\/strong>. Revise a carpeta de <strong>SPAM<\/strong> se non a atopa na entrada.<\/li>\n<li>Unha vez que te\u00f1a accedido ou rexistrado, sega as instrucci\u00f3ns que aparecen en pantalla para enviar a s\u00faa inscrici\u00f3n. Lembre que todas as inscrici\u00f3ns deber\u00e1n ser validadas posteriormente segundo os criterios de acceso marcados para asistir a esta actividade de formaci\u00f3n.<\/li>\n<\/ol>\n<p>*Todos os <strong>usuarios (rexistrados e non rexistrados) <\/strong>deben aportar documentaci\u00f3n espec\u00edfica durante o proceso de preinscrici\u00f3n desta actividade (cunha copia do seu NIF e cun documento que mostre a s\u00faa situaci\u00f3n laboral &#8211;<span style=\"color: #0000ff;\">cunha copia dunha n\u00f3mina ou cabeceira desta, nomeamento ou captura de pantalla de datos persoais<\/span>&#8211; ou acad\u00e9mica).<\/p>\n<p><strong>Unha vez enviada a preinscrici\u00f3n, po\u00f1eremonos en contacto con vostede para formalizar a s\u00faa matr\u00edcula e realizar o pago correspondente.<\/strong><\/p>\n<p>Se ten alg\u00fanha d\u00fabida sobre esta actividade, contacte directamente con ANPE Galicia (formacion@anpegalicia.es).<\/p>\n","protected":false},"excerpt":{"rendered":"<p style=\"text-align: justify;\">Actividade de formaci\u00f3n a distancia para co\u00f1ecer, pr\u00e1cticar e reflexionar sobre un conxunto de ferramentas dixitais que aportan unha utilidade pr\u00e1ctica e real no desenvolvemento do noso traballo individual, as\u00ed como na participaci\u00f3n activa do alumnado.<\/p>\n","protected":false},"featured_media":0,"template":"","meta":[],"_links":{"self":[{"href":"https:\/\/cursosanpegalicia.es\/es\/wp-json\/wp\/v2\/product\/5213"}],"collection":[{"href":"https:\/\/cursosanpegalicia.es\/es\/wp-json\/wp\/v2\/product"}],"about":[{"href":"https:\/\/cursosanpegalicia.es\/es\/wp-json\/wp\/v2\/types\/product"}],"wp:attachment":[{"href":"https:\/\/cursosanpegalicia.es\/es\/wp-json\/wp\/v2\/media?parent=5213"}],"curies":[{"name":"wp","href":"https:\/\/api.w.org\/{rel}","templated":true}]}}